{"id":21921,"date":"2026-01-19T22:02:45","date_gmt":"2026-01-20T01:02:45","guid":{"rendered":"https:\/\/portaldenoticias.net\/ffsantos\/?page_id=21921"},"modified":"2026-03-14T13:59:48","modified_gmt":"2026-03-14T16:59:48","slug":"home","status":"publish","type":"page","link":"https:\/\/portaldenoticias.net\/ffsantos\/","title":{"rendered":"Home"},"content":{"rendered":"\t\t<div data-elementor-type=\"wp-page\" data-elementor-id=\"21921\" class=\"elementor elementor-21921\">\n\t\t\t\t\t\t\t<div class=\"elementor-element elementor-element-94076a6 e-flex e-con-boxed e-con e-parent\" data-id=\"94076a6\" data-element_type=\"container\" data-settings=\"{&quot;content_width&quot;:&quot;boxed&quot;}\" data-core-v316-plus=\"true\">\n\t\t\t\t\t<div class=\"e-con-inner\">\n\t\t\t\t<div class=\"elementor-element elementor-element-c28b1d7 elementor-widget elementor-widget-smartmag-heading\" data-id=\"c28b1d7\" data-element_type=\"widget\" data-widget_type=\"smartmag-heading.default\">\n\t\t\t\t<div class=\"elementor-widget-container\">\n\t\t\t\t\t\t\t\t\n\t\t\t\t\t\t\t\n\t\t\t\t<div class=\"block-head block-head-ac block-head-e block-head-e1 is-left\">\n\n\t\t\t\t\t<h4 class=\"heading\">\u00daltimas Not\u00edcias<\/h4>\t\t\t\t\t\n\t\t\t\t\t\t\t\t\t<\/div>\n\t\t\t\t\n\t\t\t\n\t\t\t\t<\/div>\n\t\t\t\t<\/div>\n\t\t\t\t<div class=\"elementor-element elementor-element-90b8fd4 elementor-widget elementor-widget-smartmag-featgrid\" data-id=\"90b8fd4\" data-element_type=\"widget\" data-widget_type=\"smartmag-featgrid.default\">\n\t\t\t\t<div class=\"elementor-widget-container\">\n\t\t\t\t\t<section class=\"block-wrap block-feat-grid block-sc\" data-id=\"1\">\n\n\t\t\t\t\n\t\t\t<div class=\"block-content\">\n\t\t\t\t\t\n<section class=\"feat-grid feat-grid-c static feat-grid-ratio\">\n\n\t<div class=\"slides\" data-parallax>\n\t\n\t\n\t\t\t\t\t<div class=\"items-wrap slide-wrap\">\n\t\t\t\t\t\n\t\t\t\t\t\t\t\n\t\t\t\t<div class=\"item item-large item-main item-1 pos-bot\">\n\n\t\t\t\t\t\n<article class=\"l-post grid-overlay grid-overlay-a hover-zoom\">\n\n\t\n\t\t\t<div class=\"media\">\n\n\t\t\n\t\t\t<a href=\"https:\/\/portaldenoticias.net\/ffsantos\/teoria-dos-jogos-explica-impasse-entre-eua-e-ira\/\" class=\"image-link\" title=\"TEORIA DOS JOGOS EXPLICA IMPASSE ENTRE EUA E IR\u00c3\"><img loading=\"lazy\" decoding=\"async\" width=\"768\" height=\"509\" src=\"https:\/\/portaldenoticias.net\/ffsantos\/wp-content\/uploads\/2026\/04\/guerra-768x509.jpg\" class=\"attachment-bunyad-768 size-bunyad-768 wp-post-image\" alt=\"\" sizes=\"auto, (max-width: 556px) 100vw, 556px\" title=\"TEORIA DOS JOGOS EXPLICA IMPASSE ENTRE EUA E IR\u00c3\" srcset=\"https:\/\/portaldenoticias.net\/ffsantos\/wp-content\/uploads\/2026\/04\/guerra-768x509.jpg 768w, https:\/\/portaldenoticias.net\/ffsantos\/wp-content\/uploads\/2026\/04\/guerra-1024x679.jpg 1024w, https:\/\/portaldenoticias.net\/ffsantos\/wp-content\/uploads\/2026\/04\/guerra-1536x1019.jpg 1536w, https:\/\/portaldenoticias.net\/ffsantos\/wp-content\/uploads\/2026\/04\/guerra-1200x796.jpg 1200w, https:\/\/portaldenoticias.net\/ffsantos\/wp-content\/uploads\/2026\/04\/guerra.jpg 1827w\" \/><\/a>\t\t\t\n\t\t\t\n\t\t\t\n\t\t\t\n\t\t\n\t\t<\/div>\n\t\n\n\t\t\t<div class=\"content-wrap\">\n\t\n\t\t<div class=\"content\">\n\n\t\t\t<div class=\"post-meta post-meta-a meta-contrast has-below\"><div class=\"post-meta-items meta-above\"><span class=\"meta-item cat-labels\">\n\t\t\t\t\t\t\n\t\t\t\t\t\t<a href=\"https:\/\/portaldenoticias.net\/ffsantos\/category\/mundo\/\" class=\"category term-color-8\" rel=\"category\">Mundo<\/a>\n\t\t\t\t\t<\/span>\n\t\t\t\t\t<\/div><h2 class=\"is-title post-title\"><a href=\"https:\/\/portaldenoticias.net\/ffsantos\/teoria-dos-jogos-explica-impasse-entre-eua-e-ira\/\">TEORIA DOS JOGOS EXPLICA IMPASSE ENTRE EUA E IR\u00c3<\/a><\/h2><div class=\"post-meta-items meta-below\"><span class=\"meta-item post-author\"><a href=\"https:\/\/portaldenoticias.net\/ffsantos\/author\/ffsantos\/\" title=\"Posts de Florisvaldo\" rel=\"author\">Florisvaldo<\/a><\/span><span class=\"meta-item date\"><span class=\"date-link\"><time class=\"post-date\" datetime=\"2026-04-27T08:33:01-03:00\">27 de abril de 2026<\/time><\/span><\/span><\/div><\/div>\t\t\t\n\t\t\t\n\t\t\t\n\t\t<\/div>\n\n\t\t\t<\/div>\n\t\n<\/article>\n\t\t\t\t<\/div>\n\t\t\t\t\t\t\t\n\t\t\t\t\t\t\t\n\t\t\t\t<div class=\"item item-medium item-2 pos-bot\">\n\n\t\t\t\t\t\n<article class=\"l-post grid-overlay grid-overlay-a hover-zoom\">\n\n\t\n\t\t\t<div class=\"media\">\n\n\t\t\n\t\t\t<a href=\"https:\/\/portaldenoticias.net\/ffsantos\/sucuri-arrasta-capivara-pela-cabeca-as-margens-de-corgo-em-mato-grosso-do-sul\/\" class=\"image-link\" title=\"SUCURI ARRASTA CAPIVARA PELA CABE\u00c7A \u00c1S MARGENS DE CORGO EM MATO GROSSO DO SUL\"><img loading=\"lazy\" decoding=\"async\" width=\"450\" height=\"253\" src=\"https:\/\/portaldenoticias.net\/ffsantos\/wp-content\/uploads\/2026\/04\/Sucuri-naom_69ede0a47d134-450x253.webp\" class=\"attachment-bunyad-medium size-bunyad-medium wp-post-image\" alt=\"\" sizes=\"auto, (max-width: 768px) 50vw, 350px\" title=\"SUCURI ARRASTA CAPIVARA PELA CABE\u00c7A \u00c1S MARGENS DE CORGO EM MATO GROSSO DO SUL\" srcset=\"https:\/\/portaldenoticias.net\/ffsantos\/wp-content\/uploads\/2026\/04\/Sucuri-naom_69ede0a47d134-450x253.webp 450w, https:\/\/portaldenoticias.net\/ffsantos\/wp-content\/uploads\/2026\/04\/Sucuri-naom_69ede0a47d134-768x432.webp 768w, https:\/\/portaldenoticias.net\/ffsantos\/wp-content\/uploads\/2026\/04\/Sucuri-naom_69ede0a47d134.webp 960w\" \/><\/a>\t\t\t\n\t\t\t\n\t\t\t\n\t\t\t\n\t\t\n\t\t<\/div>\n\t\n\n\t\t\t<div class=\"content-wrap\">\n\t\n\t\t<div class=\"content\">\n\n\t\t\t<div class=\"post-meta post-meta-a meta-contrast has-below\"><div class=\"post-meta-items meta-above\"><span class=\"meta-item cat-labels\">\n\t\t\t\t\t\t\n\t\t\t\t\t\t<a href=\"https:\/\/portaldenoticias.net\/ffsantos\/category\/brasil\/\" class=\"category term-color-2\" rel=\"category\">Brasil<\/a>\n\t\t\t\t\t<\/span>\n\t\t\t\t\t<\/div><h2 class=\"is-title post-title\"><a href=\"https:\/\/portaldenoticias.net\/ffsantos\/sucuri-arrasta-capivara-pela-cabeca-as-margens-de-corgo-em-mato-grosso-do-sul\/\">SUCURI ARRASTA CAPIVARA PELA CABE\u00c7A \u00c1S MARGENS DE CORGO EM MATO GROSSO DO SUL<\/a><\/h2><div class=\"post-meta-items meta-below\"><span class=\"meta-item post-author\"><a href=\"https:\/\/portaldenoticias.net\/ffsantos\/author\/ffsantos\/\" title=\"Posts de Florisvaldo\" rel=\"author\">Florisvaldo<\/a><\/span><span class=\"meta-item date\"><span class=\"date-link\"><time class=\"post-date\" datetime=\"2026-04-26T20:46:37-03:00\">26 de abril de 2026<\/time><\/span><\/span><\/div><\/div>\t\t\t\n\t\t\t\n\t\t\t\n\t\t<\/div>\n\n\t\t\t<\/div>\n\t\n<\/article>\n\t\t\t\t<\/div>\n\t\t\t\t\t\t\t\n\t\t\t\t\t\t\t\n\t\t\t\t<div class=\"item item-medium item-3 pos-bot\">\n\n\t\t\t\t\t\n<article class=\"l-post grid-overlay grid-overlay-a hover-zoom\">\n\n\t\n\t\t\t<div class=\"media\">\n\n\t\t\n\t\t\t<a href=\"https:\/\/portaldenoticias.net\/ffsantos\/editorial-ano-xiv-numero-492-pensar-o-futuro-ou-reagir-ao-presente\/\" class=\"image-link\" title=\"EDITORIAL ANO XIV N\u00daMERO 492 &#8211; PENSAR O FUTURO OU REAGIR AO PRESENTE?\"><img loading=\"lazy\" decoding=\"async\" width=\"450\" height=\"284\" src=\"https:\/\/portaldenoticias.net\/ffsantos\/wp-content\/uploads\/2026\/04\/Agenor-presente-Imagem1-450x284.png\" class=\"attachment-bunyad-medium size-bunyad-medium wp-post-image\" alt=\"\" sizes=\"auto, (max-width: 768px) 50vw, 350px\" title=\"EDITORIAL ANO XIV N\u00daMERO 492 &#8211; PENSAR O FUTURO OU REAGIR AO PRESENTE?\" srcset=\"https:\/\/portaldenoticias.net\/ffsantos\/wp-content\/uploads\/2026\/04\/Agenor-presente-Imagem1-450x284.png 450w, https:\/\/portaldenoticias.net\/ffsantos\/wp-content\/uploads\/2026\/04\/Agenor-presente-Imagem1.png 561w\" \/><\/a>\t\t\t\n\t\t\t\n\t\t\t\n\t\t\t\n\t\t\n\t\t<\/div>\n\t\n\n\t\t\t<div class=\"content-wrap\">\n\t\n\t\t<div class=\"content\">\n\n\t\t\t<div class=\"post-meta post-meta-a meta-contrast has-below\"><div class=\"post-meta-items meta-above\"><span class=\"meta-item cat-labels\">\n\t\t\t\t\t\t\n\t\t\t\t\t\t<a href=\"https:\/\/portaldenoticias.net\/ffsantos\/category\/politica\/\" class=\"category term-color-5\" rel=\"category\">Pol\u00edtica<\/a>\n\t\t\t\t\t<\/span>\n\t\t\t\t\t<\/div><h2 class=\"is-title post-title\"><a href=\"https:\/\/portaldenoticias.net\/ffsantos\/editorial-ano-xiv-numero-492-pensar-o-futuro-ou-reagir-ao-presente\/\">EDITORIAL ANO XIV N\u00daMERO 492 &#8211; PENSAR O FUTURO OU REAGIR AO PRESENTE?<\/a><\/h2><div class=\"post-meta-items meta-below\"><span class=\"meta-item post-author\"><a href=\"https:\/\/portaldenoticias.net\/ffsantos\/author\/ffsantos\/\" title=\"Posts de Florisvaldo\" rel=\"author\">Florisvaldo<\/a><\/span><span class=\"meta-item date\"><span class=\"date-link\"><time class=\"post-date\" datetime=\"2026-04-26T07:00:43-03:00\">26 de abril de 2026<\/time><\/span><\/span><\/div><\/div>\t\t\t\n\t\t\t\n\t\t\t\n\t\t<\/div>\n\n\t\t\t<\/div>\n\t\n<\/article>\n\t\t\t\t<\/div>\n\t\t\t\t\t\t\t\n\t\t\t\t\t\t\t\n\t\t\t\t\t<\/div>\n\t\t\n\t\t<\/div>\n\n<\/section>\n\t\t\t<\/div>\n\n\t\t<\/section>\n\t\t\t\t<\/div>\n\t\t\t\t<\/div>\n\t\t\t\t\t<\/div>\n\t\t\t\t<\/div>\n\t\t\t\t<section class=\"has-el-gap el-gap-default elementor-section elementor-top-section elementor-element elementor-element-5b64f507 elementor-section-boxed elementor-section-height-default elementor-section-height-default\" data-id=\"5b64f507\" data-element_type=\"section\">\n\t\t\t\t\t\t<div class=\"elementor-container elementor-column-gap-no\">\n\t\t\t\t\t<div class=\"elementor-column elementor-col-66 elementor-top-column elementor-element elementor-element-1911fcc main-content\" data-id=\"1911fcc\" data-element_type=\"column\">\n\t\t\t<div class=\"elementor-widget-wrap elementor-element-populated\">\n\t\t\t\t\t\t\t\t<div class=\"elementor-element elementor-element-d3fe97a elementor-widget elementor-widget-smartmag-postslist\" data-id=\"d3fe97a\" data-element_type=\"widget\" data-widget_type=\"smartmag-postslist.default\">\n\t\t\t\t<div class=\"elementor-widget-container\">\n\t\t\t\t\t<section class=\"block-wrap block-posts-list block-sc\" data-id=\"2\" data-block=\"{&quot;id&quot;:&quot;posts-list&quot;,&quot;props&quot;:{&quot;cat_labels&quot;:1,&quot;cat_labels_pos&quot;:&quot;bot-left&quot;,&quot;reviews&quot;:&quot;stars&quot;,&quot;post_formats_pos&quot;:&quot;center&quot;,&quot;load_more_style&quot;:&quot;a&quot;,&quot;meta_cat_style&quot;:&quot;text&quot;,&quot;media_style_shadow&quot;:0,&quot;meta_above&quot;:[],&quot;meta_below&quot;:[&quot;author&quot;,&quot;date&quot;,&quot;comments&quot;],&quot;media_ratio&quot;:&quot;&quot;,&quot;media_ratio_custom&quot;:&quot;&quot;,&quot;media_width&quot;:&quot;&quot;,&quot;read_more&quot;:&quot;none&quot;,&quot;posts&quot;:10,&quot;pagination&quot;:&quot;1&quot;,&quot;container_width&quot;:66,&quot;offset&quot;:3,&quot;pagination_links&quot;:null,&quot;excerpt_length&quot;:15,&quot;query_type&quot;:&quot;custom&quot;,&quot;sort_days&quot;:null,&quot;is_sc_call&quot;:true,&quot;meta_items_default&quot;:true}}\">\n\n\t\t\t\t\n\t\t\t<div class=\"block-content\">\n\t\t\t\t\t\n\t<div class=\"loop loop-list loop-sep loop-list-sep grid grid-1 md:grid-1 sm:grid-1\">\n\n\t\t\t\t\n\t\t\t\n<article class=\"l-post list-post list-post-on-sm m-pos-left\">\n\n\t\n\t\t\t<div class=\"media\">\n\n\t\t\n\t\t\t<a href=\"https:\/\/portaldenoticias.net\/ffsantos\/atleta-brasileira-morre-durante-etapa-de-ironman-nos-eua\/\" class=\"image-link media-ratio ratio-3-2\" title=\"ATLETA BRASILEIRA MORRE DURANTE ETAPA DE IRONMAN NOS EUA\"><img loading=\"lazy\" decoding=\"async\" width=\"285\" height=\"190\" src=\"https:\/\/portaldenoticias.net\/ffsantos\/wp-content\/uploads\/2026\/04\/ATLETA-naom_69e4b48fd1da9-300x169.webp\" class=\"attachment-medium size-medium wp-post-image\" alt=\"\" sizes=\"auto, (max-width: 285px) 100vw, 285px\" title=\"ATLETA BRASILEIRA MORRE DURANTE ETAPA DE IRONMAN NOS EUA\" srcset=\"https:\/\/portaldenoticias.net\/ffsantos\/wp-content\/uploads\/2026\/04\/ATLETA-naom_69e4b48fd1da9-300x169.webp 300w, https:\/\/portaldenoticias.net\/ffsantos\/wp-content\/uploads\/2026\/04\/ATLETA-naom_69e4b48fd1da9-768x432.webp 768w, https:\/\/portaldenoticias.net\/ffsantos\/wp-content\/uploads\/2026\/04\/ATLETA-naom_69e4b48fd1da9-450x253.webp 450w, https:\/\/portaldenoticias.net\/ffsantos\/wp-content\/uploads\/2026\/04\/ATLETA-naom_69e4b48fd1da9.webp 960w\" \/><\/a>\t\t\t\n\t\t\t\n\t\t\t\n\t\t\t\t\t\t\t\n\t\t\t\t<span class=\"cat-labels cat-labels-overlay c-overlay p-bot-left\">\n\t\t\t\t<a href=\"https:\/\/portaldenoticias.net\/ffsantos\/category\/esportes\/\" class=\"category term-color-10\" rel=\"category\">Esportes<\/a>\n\t\t\t<\/span>\n\t\t\t\t\t\t\n\t\t\t\n\t\t\n\t\t<\/div>\n\t\n\n\t\n\t\t<div class=\"content\">\n\n\t\t\t<div class=\"post-meta post-meta-a has-below\"><h2 class=\"is-title post-title\"><a href=\"https:\/\/portaldenoticias.net\/ffsantos\/atleta-brasileira-morre-durante-etapa-de-ironman-nos-eua\/\">ATLETA BRASILEIRA MORRE DURANTE ETAPA DE IRONMAN NOS EUA<\/a><\/h2><div class=\"post-meta-items meta-below\"><span class=\"meta-item post-author\"><span class=\"by\">Por<\/span> <a href=\"https:\/\/portaldenoticias.net\/ffsantos\/author\/ffsantos\/\" title=\"Posts de Florisvaldo\" rel=\"author\">Florisvaldo<\/a><\/span><span class=\"meta-item has-next-icon date\"><span class=\"date-link\"><time class=\"post-date\" datetime=\"2026-04-19T15:30:30-03:00\">19 de abril de 2026<\/time><\/span><\/span><span class=\"meta-item comments has-icon\"><a href=\"https:\/\/portaldenoticias.net\/ffsantos\/atleta-brasileira-morre-durante-etapa-de-ironman-nos-eua\/#comments\"><i class=\"tsi tsi-comment-o\"><\/i>1<\/a><\/span><\/div><\/div>\t\t\t\n\t\t\t\t\t\t\n\t\t\t\t<div class=\"excerpt\">\n\t\t\t\t\t<p>Segundo informa\u00e7\u00f5es divulgadas pela CBS News, a programa\u00e7\u00e3o do evento indicava que a largada da&hellip;<\/p>\n\t\t\t\t<\/div>\n\t\t\t\n\t\t\t\n\t\t\t\n\t\t<\/div>\n\n\t\n<\/article>\n\t\t\t\t\n\t\t\t\n<article class=\"l-post list-post list-post-on-sm m-pos-left\">\n\n\t\n\t\t\t<div class=\"media\">\n\n\t\t\n\t\t\t<a href=\"https:\/\/portaldenoticias.net\/ffsantos\/editorial-ano-xiv-numero-491-o-brasil-no-compasso-das-incertezas\/\" class=\"image-link media-ratio ratio-3-2\" title=\"EDITORIAL ANO XIV N\u00daMERO 491 &#8211; O BRASIL NO COMPASSO DAS INCERTEZAS\"><img loading=\"lazy\" decoding=\"async\" width=\"285\" height=\"190\" src=\"https:\/\/portaldenoticias.net\/ffsantos\/wp-content\/uploads\/2026\/04\/Agenor-incert-Imagem3-300x163.png\" class=\"attachment-medium size-medium wp-post-image\" alt=\"\" sizes=\"auto, (max-width: 285px) 100vw, 285px\" title=\"EDITORIAL ANO XIV N\u00daMERO 491 &#8211; O BRASIL NO COMPASSO DAS INCERTEZAS\" srcset=\"https:\/\/portaldenoticias.net\/ffsantos\/wp-content\/uploads\/2026\/04\/Agenor-incert-Imagem3-300x163.png 300w, https:\/\/portaldenoticias.net\/ffsantos\/wp-content\/uploads\/2026\/04\/Agenor-incert-Imagem3-450x245.png 450w, https:\/\/portaldenoticias.net\/ffsantos\/wp-content\/uploads\/2026\/04\/Agenor-incert-Imagem3.png 555w\" \/><\/a>\t\t\t\n\t\t\t\n\t\t\t\n\t\t\t\t\t\t\t\n\t\t\t\t<span class=\"cat-labels cat-labels-overlay c-overlay p-bot-left\">\n\t\t\t\t<a href=\"https:\/\/portaldenoticias.net\/ffsantos\/category\/politica\/\" class=\"category term-color-5\" rel=\"category\">Pol\u00edtica<\/a>\n\t\t\t<\/span>\n\t\t\t\t\t\t\n\t\t\t\n\t\t\n\t\t<\/div>\n\t\n\n\t\n\t\t<div class=\"content\">\n\n\t\t\t<div class=\"post-meta post-meta-a has-below\"><h2 class=\"is-title post-title\"><a href=\"https:\/\/portaldenoticias.net\/ffsantos\/editorial-ano-xiv-numero-491-o-brasil-no-compasso-das-incertezas\/\">EDITORIAL ANO XIV N\u00daMERO 491 &#8211; O BRASIL NO COMPASSO DAS INCERTEZAS<\/a><\/h2><div class=\"post-meta-items meta-below\"><span class=\"meta-item post-author\"><span class=\"by\">Por<\/span> <a href=\"https:\/\/portaldenoticias.net\/ffsantos\/author\/ffsantos\/\" title=\"Posts de Florisvaldo\" rel=\"author\">Florisvaldo<\/a><\/span><span class=\"meta-item has-next-icon date\"><span class=\"date-link\"><time class=\"post-date\" datetime=\"2026-04-19T07:00:25-03:00\">19 de abril de 2026<\/time><\/span><\/span><span class=\"meta-item comments has-icon\"><a href=\"https:\/\/portaldenoticias.net\/ffsantos\/editorial-ano-xiv-numero-491-o-brasil-no-compasso-das-incertezas\/#comments\"><i class=\"tsi tsi-comment-o\"><\/i>5<\/a><\/span><\/div><\/div>\t\t\t\n\t\t\t\t\t\t\n\t\t\t\t<div class=\"excerpt\">\n\t\t\t\t\t<p>Parece um fato comum \u00e0s Na\u00e7\u00f5es ainda em desenvolvimento, e no Brasil n\u00e3o seria diferente,&hellip;<\/p>\n\t\t\t\t<\/div>\n\t\t\t\n\t\t\t\n\t\t\t\n\t\t<\/div>\n\n\t\n<\/article>\n\t\t\t\t\n\t\t\t\n<article class=\"l-post list-post list-post-on-sm m-pos-left\">\n\n\t\n\t\t\t<div class=\"media\">\n\n\t\t\n\t\t\t<a href=\"https:\/\/portaldenoticias.net\/ffsantos\/oscar-schmidt-a-despedida-foi-realizada-de-forma-discreta-diz-a-familia\/\" class=\"image-link media-ratio ratio-3-2\" title=\"OSCAR SCHMIDT &#8211; A DESPEDIDA FOI REALIZADA DE FORMA \u201cDISCRETA\u201d DIZ A FAMILIA\"><img loading=\"lazy\" decoding=\"async\" width=\"285\" height=\"190\" src=\"https:\/\/portaldenoticias.net\/ffsantos\/wp-content\/uploads\/2026\/04\/Oscar-1-Imagem1-300x169.png\" class=\"attachment-medium size-medium wp-post-image\" alt=\"\" sizes=\"auto, (max-width: 285px) 100vw, 285px\" title=\"OSCAR SCHMIDT &#8211; A DESPEDIDA FOI REALIZADA DE FORMA \u201cDISCRETA\u201d DIZ A FAMILIA\" srcset=\"https:\/\/portaldenoticias.net\/ffsantos\/wp-content\/uploads\/2026\/04\/Oscar-1-Imagem1-300x169.png 300w, https:\/\/portaldenoticias.net\/ffsantos\/wp-content\/uploads\/2026\/04\/Oscar-1-Imagem1-768x432.png 768w, https:\/\/portaldenoticias.net\/ffsantos\/wp-content\/uploads\/2026\/04\/Oscar-1-Imagem1-450x253.png 450w, https:\/\/portaldenoticias.net\/ffsantos\/wp-content\/uploads\/2026\/04\/Oscar-1-Imagem1.png 960w\" \/><\/a>\t\t\t\n\t\t\t\n\t\t\t\n\t\t\t\t\t\t\t\n\t\t\t\t<span class=\"cat-labels cat-labels-overlay c-overlay p-bot-left\">\n\t\t\t\t<a href=\"https:\/\/portaldenoticias.net\/ffsantos\/category\/esportes\/\" class=\"category term-color-10\" rel=\"category\">Esportes<\/a>\n\t\t\t<\/span>\n\t\t\t\t\t\t\n\t\t\t\n\t\t\n\t\t<\/div>\n\t\n\n\t\n\t\t<div class=\"content\">\n\n\t\t\t<div class=\"post-meta post-meta-a has-below\"><h2 class=\"is-title post-title\"><a href=\"https:\/\/portaldenoticias.net\/ffsantos\/oscar-schmidt-a-despedida-foi-realizada-de-forma-discreta-diz-a-familia\/\">OSCAR SCHMIDT &#8211; A DESPEDIDA FOI REALIZADA DE FORMA \u201cDISCRETA\u201d DIZ A FAMILIA<\/a><\/h2><div class=\"post-meta-items meta-below\"><span class=\"meta-item post-author\"><span class=\"by\">Por<\/span> <a href=\"https:\/\/portaldenoticias.net\/ffsantos\/author\/ffsantos\/\" title=\"Posts de Florisvaldo\" rel=\"author\">Florisvaldo<\/a><\/span><span class=\"meta-item has-next-icon date\"><span class=\"date-link\"><time class=\"post-date\" datetime=\"2026-04-18T09:47:22-03:00\">18 de abril de 2026<\/time><\/span><\/span><span class=\"meta-item comments has-icon\"><a href=\"https:\/\/portaldenoticias.net\/ffsantos\/oscar-schmidt-a-despedida-foi-realizada-de-forma-discreta-diz-a-familia\/#comments\"><i class=\"tsi tsi-comment-o\"><\/i>1<\/a><\/span><\/div><\/div>\t\t\t\n\t\t\t\t\t\t\n\t\t\t\t<div class=\"excerpt\">\n\t\t\t\t\t<p>Em um comunicado publicado no perfil oficial do \u00eddolo no Instagram, os familiares agradeceram as&hellip;<\/p>\n\t\t\t\t<\/div>\n\t\t\t\n\t\t\t\n\t\t\t\n\t\t<\/div>\n\n\t\n<\/article>\n\t\t\t\t\n\t\t\t\n<article class=\"l-post list-post list-post-on-sm m-pos-left\">\n\n\t\n\t\t\t<div class=\"media\">\n\n\t\t\n\t\t\t<a href=\"https:\/\/portaldenoticias.net\/ffsantos\/acidente-com-trem-mata-alex-manninger-famoso-goleiro-do-arsenal\/\" class=\"image-link media-ratio ratio-3-2\" title=\"ACIDENTE COM TREM MATA ALEX MANNINGER \u2013 FAMOSO GOLEIRO DO ARSENAL\"><img loading=\"lazy\" decoding=\"async\" width=\"285\" height=\"190\" src=\"https:\/\/portaldenoticias.net\/ffsantos\/wp-content\/uploads\/2026\/04\/goleiro-unnamed-300x169.jpg\" class=\"attachment-medium size-medium wp-post-image\" alt=\"\" sizes=\"auto, (max-width: 285px) 100vw, 285px\" title=\"ACIDENTE COM TREM MATA ALEX MANNINGER \u2013 FAMOSO GOLEIRO DO ARSENAL\" srcset=\"https:\/\/portaldenoticias.net\/ffsantos\/wp-content\/uploads\/2026\/04\/goleiro-unnamed-300x169.jpg 300w, https:\/\/portaldenoticias.net\/ffsantos\/wp-content\/uploads\/2026\/04\/goleiro-unnamed-1024x576.jpg 1024w, https:\/\/portaldenoticias.net\/ffsantos\/wp-content\/uploads\/2026\/04\/goleiro-unnamed-768x432.jpg 768w, https:\/\/portaldenoticias.net\/ffsantos\/wp-content\/uploads\/2026\/04\/goleiro-unnamed-1536x864.jpg 1536w, https:\/\/portaldenoticias.net\/ffsantos\/wp-content\/uploads\/2026\/04\/goleiro-unnamed-450x253.jpg 450w, https:\/\/portaldenoticias.net\/ffsantos\/wp-content\/uploads\/2026\/04\/goleiro-unnamed-1200x675.jpg 1200w, https:\/\/portaldenoticias.net\/ffsantos\/wp-content\/uploads\/2026\/04\/goleiro-unnamed.jpg 1920w\" \/><\/a>\t\t\t\n\t\t\t\n\t\t\t\n\t\t\t\t\t\t\t\n\t\t\t\t<span class=\"cat-labels cat-labels-overlay c-overlay p-bot-left\">\n\t\t\t\t<a href=\"https:\/\/portaldenoticias.net\/ffsantos\/category\/esportes\/\" class=\"category term-color-10\" rel=\"category\">Esportes<\/a>\n\t\t\t<\/span>\n\t\t\t\t\t\t\n\t\t\t\n\t\t\n\t\t<\/div>\n\t\n\n\t\n\t\t<div class=\"content\">\n\n\t\t\t<div class=\"post-meta post-meta-a has-below\"><h2 class=\"is-title post-title\"><a href=\"https:\/\/portaldenoticias.net\/ffsantos\/acidente-com-trem-mata-alex-manninger-famoso-goleiro-do-arsenal\/\">ACIDENTE COM TREM MATA ALEX MANNINGER \u2013 FAMOSO GOLEIRO DO ARSENAL<\/a><\/h2><div class=\"post-meta-items meta-below\"><span class=\"meta-item post-author\"><span class=\"by\">Por<\/span> <a href=\"https:\/\/portaldenoticias.net\/ffsantos\/author\/ffsantos\/\" title=\"Posts de Florisvaldo\" rel=\"author\">Florisvaldo<\/a><\/span><span class=\"meta-item has-next-icon date\"><span class=\"date-link\"><time class=\"post-date\" datetime=\"2026-04-16T15:05:39-03:00\">16 de abril de 2026<\/time><\/span><\/span><span class=\"meta-item comments has-icon\"><a href=\"https:\/\/portaldenoticias.net\/ffsantos\/acidente-com-trem-mata-alex-manninger-famoso-goleiro-do-arsenal\/#respond\"><i class=\"tsi tsi-comment-o\"><\/i>0<\/a><\/span><\/div><\/div>\t\t\t\n\t\t\t\t\t\t\n\t\t\t\t<div class=\"excerpt\">\n\t\t\t\t\t<p>Na manh\u00e3 desta quinta-feira (16), o ex-goleiro do Arsenal, Alex Manninger, morreu aos 48 anos&hellip;<\/p>\n\t\t\t\t<\/div>\n\t\t\t\n\t\t\t\n\t\t\t\n\t\t<\/div>\n\n\t\n<\/article>\n\t\t\t\t\n\t\t\t\n<article class=\"l-post list-post list-post-on-sm m-pos-left\">\n\n\t\n\t\t\t<div class=\"media\">\n\n\t\t\n\t\t\t<a href=\"https:\/\/portaldenoticias.net\/ffsantos\/nota-de-falecimento-48\/\" class=\"image-link media-ratio ratio-3-2\" title=\"NOTA DE FALECIMENTO\"><img loading=\"lazy\" decoding=\"async\" width=\"285\" height=\"190\" src=\"https:\/\/portaldenoticias.net\/ffsantos\/wp-content\/uploads\/2026\/04\/Marinal-Imagem1-200x300.jpg\" class=\"attachment-medium size-medium wp-post-image\" alt=\"\" sizes=\"auto, (max-width: 285px) 100vw, 285px\" title=\"NOTA DE FALECIMENTO\" srcset=\"https:\/\/portaldenoticias.net\/ffsantos\/wp-content\/uploads\/2026\/04\/Marinal-Imagem1-200x300.jpg 200w, https:\/\/portaldenoticias.net\/ffsantos\/wp-content\/uploads\/2026\/04\/Marinal-Imagem1-150x225.jpg 150w, https:\/\/portaldenoticias.net\/ffsantos\/wp-content\/uploads\/2026\/04\/Marinal-Imagem1.jpg 229w\" \/><\/a>\t\t\t\n\t\t\t\n\t\t\t\n\t\t\t\t\t\t\t\n\t\t\t\t<span class=\"cat-labels cat-labels-overlay c-overlay p-bot-left\">\n\t\t\t\t<a href=\"https:\/\/portaldenoticias.net\/ffsantos\/category\/destaques\/\" class=\"category term-color-1\" rel=\"category\">Destaques<\/a>\n\t\t\t<\/span>\n\t\t\t\t\t\t\n\t\t\t\n\t\t\n\t\t<\/div>\n\t\n\n\t\n\t\t<div class=\"content\">\n\n\t\t\t<div class=\"post-meta post-meta-a has-below\"><h2 class=\"is-title post-title\"><a href=\"https:\/\/portaldenoticias.net\/ffsantos\/nota-de-falecimento-48\/\">NOTA DE FALECIMENTO<\/a><\/h2><div class=\"post-meta-items meta-below\"><span class=\"meta-item post-author\"><span class=\"by\">Por<\/span> <a href=\"https:\/\/portaldenoticias.net\/ffsantos\/author\/ffsantos\/\" title=\"Posts de Florisvaldo\" rel=\"author\">Florisvaldo<\/a><\/span><span class=\"meta-item has-next-icon date\"><span class=\"date-link\"><time class=\"post-date\" datetime=\"2026-04-15T21:49:59-03:00\">15 de abril de 2026<\/time><\/span><\/span><span class=\"meta-item comments has-icon\"><a href=\"https:\/\/portaldenoticias.net\/ffsantos\/nota-de-falecimento-48\/#respond\"><i class=\"tsi tsi-comment-o\"><\/i>0<\/a><\/span><\/div><\/div>\t\t\t\n\t\t\t\t\t\t\n\t\t\t\t<div class=\"excerpt\">\n\t\t\t\t\t<p>\u00c9 com profundo pesar que comunicamos o falecimento da senhora Lindomar Pinheiro de Oliveira, ocorrido&hellip;<\/p>\n\t\t\t\t<\/div>\n\t\t\t\n\t\t\t\n\t\t\t\n\t\t<\/div>\n\n\t\n<\/article>\n\t\t\t\t\n\t\t\t\n<article class=\"l-post list-post list-post-on-sm m-pos-left\">\n\n\t\n\t\t\t<div class=\"media\">\n\n\t\t\n\t\t\t<a href=\"https:\/\/portaldenoticias.net\/ffsantos\/cvg-sp-debate-o-papel-do-seguro-diante-da-necessidade-de-proteger-as-mulheres\/\" class=\"image-link media-ratio ratio-3-2\" title=\"CVG-SP DEBATE O PAPEL DO SEGURO DIANTE DA NECESSIDADE DE PROTEGER AS MULHERES\"><img loading=\"lazy\" decoding=\"async\" width=\"285\" height=\"190\" src=\"https:\/\/portaldenoticias.net\/ffsantos\/wp-content\/uploads\/2026\/04\/mulher-2-300x200.jpg\" class=\"attachment-medium size-medium wp-post-image\" alt=\"\" sizes=\"auto, (max-width: 285px) 100vw, 285px\" title=\"CVG-SP DEBATE O PAPEL DO SEGURO DIANTE DA NECESSIDADE DE PROTEGER AS MULHERES\" srcset=\"https:\/\/portaldenoticias.net\/ffsantos\/wp-content\/uploads\/2026\/04\/mulher-2-300x200.jpg 300w, https:\/\/portaldenoticias.net\/ffsantos\/wp-content\/uploads\/2026\/04\/mulher-2-1024x681.jpg 1024w, https:\/\/portaldenoticias.net\/ffsantos\/wp-content\/uploads\/2026\/04\/mulher-2-768x511.jpg 768w, https:\/\/portaldenoticias.net\/ffsantos\/wp-content\/uploads\/2026\/04\/mulher-2-1536x1022.jpg 1536w, https:\/\/portaldenoticias.net\/ffsantos\/wp-content\/uploads\/2026\/04\/mulher-2-2048x1363.jpg 2048w, https:\/\/portaldenoticias.net\/ffsantos\/wp-content\/uploads\/2026\/04\/mulher-2-150x100.jpg 150w, https:\/\/portaldenoticias.net\/ffsantos\/wp-content\/uploads\/2026\/04\/mulher-2-450x299.jpg 450w, https:\/\/portaldenoticias.net\/ffsantos\/wp-content\/uploads\/2026\/04\/mulher-2-1200x799.jpg 1200w\" \/><\/a>\t\t\t\n\t\t\t\n\t\t\t\n\t\t\t\t\t\t\t\n\t\t\t\t<span class=\"cat-labels cat-labels-overlay c-overlay p-bot-left\">\n\t\t\t\t<a href=\"https:\/\/portaldenoticias.net\/ffsantos\/category\/destaques\/\" class=\"category term-color-1\" rel=\"category\">Destaques<\/a>\n\t\t\t<\/span>\n\t\t\t\t\t\t\n\t\t\t\n\t\t\n\t\t<\/div>\n\t\n\n\t\n\t\t<div class=\"content\">\n\n\t\t\t<div class=\"post-meta post-meta-a has-below\"><h2 class=\"is-title post-title\"><a href=\"https:\/\/portaldenoticias.net\/ffsantos\/cvg-sp-debate-o-papel-do-seguro-diante-da-necessidade-de-proteger-as-mulheres\/\">CVG-SP DEBATE O PAPEL DO SEGURO DIANTE DA NECESSIDADE DE PROTEGER AS MULHERES<\/a><\/h2><div class=\"post-meta-items meta-below\"><span class=\"meta-item post-author\"><span class=\"by\">Por<\/span> <a href=\"https:\/\/portaldenoticias.net\/ffsantos\/author\/ffsantos\/\" title=\"Posts de Florisvaldo\" rel=\"author\">Florisvaldo<\/a><\/span><span class=\"meta-item has-next-icon date\"><span class=\"date-link\"><time class=\"post-date\" datetime=\"2026-04-12T21:58:29-03:00\">12 de abril de 2026<\/time><\/span><\/span><span class=\"meta-item comments has-icon\"><a href=\"https:\/\/portaldenoticias.net\/ffsantos\/cvg-sp-debate-o-papel-do-seguro-diante-da-necessidade-de-proteger-as-mulheres\/#respond\"><i class=\"tsi tsi-comment-o\"><\/i>0<\/a><\/span><\/div><\/div>\t\t\t\n\t\t\t\t\t\t\n\t\t\t\t<div class=\"excerpt\">\n\t\t\t\t\t<p>Talk show discute desde os produtos e servi\u00e7os que garantem prote\u00e7\u00e3o e apoio \u00e0s mulheres&hellip;<\/p>\n\t\t\t\t<\/div>\n\t\t\t\n\t\t\t\n\t\t\t\n\t\t<\/div>\n\n\t\n<\/article>\n\t\t\t\t\n\t\t\t\n<article class=\"l-post list-post list-post-on-sm m-pos-left\">\n\n\t\n\t\t\t<div class=\"media\">\n\n\t\t\n\t\t\t<a href=\"https:\/\/portaldenoticias.net\/ffsantos\/violencia-contra-a-mulher-cresce-e-afeta-empresas-afastamentos-subiram-313-em-4-anos\/\" class=\"image-link media-ratio ratio-3-2\" title=\"VIOL\u00caNCIA CONTRA A MULHER CRESCE E AFETA EMPRESAS: AFASTAMENTOS SUBIRAM 313% EM 4 ANOS\"><img loading=\"lazy\" decoding=\"async\" width=\"285\" height=\"190\" src=\"https:\/\/portaldenoticias.net\/ffsantos\/wp-content\/uploads\/2026\/04\/violen-1-magem1-291x300.png\" class=\"attachment-medium size-medium wp-post-image\" alt=\"\" sizes=\"auto, (max-width: 285px) 100vw, 285px\" title=\"VIOL\u00caNCIA CONTRA A MULHER CRESCE E AFETA EMPRESAS: AFASTAMENTOS SUBIRAM 313% EM 4 ANOS\" srcset=\"https:\/\/portaldenoticias.net\/ffsantos\/wp-content\/uploads\/2026\/04\/violen-1-magem1-291x300.png 291w, https:\/\/portaldenoticias.net\/ffsantos\/wp-content\/uploads\/2026\/04\/violen-1-magem1-768x792.png 768w, https:\/\/portaldenoticias.net\/ffsantos\/wp-content\/uploads\/2026\/04\/violen-1-magem1-450x464.png 450w, https:\/\/portaldenoticias.net\/ffsantos\/wp-content\/uploads\/2026\/04\/violen-1-magem1.png 888w\" \/><\/a>\t\t\t\n\t\t\t\n\t\t\t\n\t\t\t\t\t\t\t\n\t\t\t\t<span class=\"cat-labels cat-labels-overlay c-overlay p-bot-left\">\n\t\t\t\t<a href=\"https:\/\/portaldenoticias.net\/ffsantos\/category\/economia\/\" class=\"category term-color-6\" rel=\"category\">Economia<\/a>\n\t\t\t<\/span>\n\t\t\t\t\t\t\n\t\t\t\n\t\t\n\t\t<\/div>\n\t\n\n\t\n\t\t<div class=\"content\">\n\n\t\t\t<div class=\"post-meta post-meta-a has-below\"><h2 class=\"is-title post-title\"><a href=\"https:\/\/portaldenoticias.net\/ffsantos\/violencia-contra-a-mulher-cresce-e-afeta-empresas-afastamentos-subiram-313-em-4-anos\/\">VIOL\u00caNCIA CONTRA A MULHER CRESCE E AFETA EMPRESAS: AFASTAMENTOS SUBIRAM 313% EM 4 ANOS<\/a><\/h2><div class=\"post-meta-items meta-below\"><span class=\"meta-item post-author\"><span class=\"by\">Por<\/span> <a href=\"https:\/\/portaldenoticias.net\/ffsantos\/author\/ffsantos\/\" title=\"Posts de Florisvaldo\" rel=\"author\">Florisvaldo<\/a><\/span><span class=\"meta-item has-next-icon date\"><span class=\"date-link\"><time class=\"post-date\" datetime=\"2026-04-12T21:35:23-03:00\">12 de abril de 2026<\/time><\/span><\/span><span class=\"meta-item comments has-icon\"><a href=\"https:\/\/portaldenoticias.net\/ffsantos\/violencia-contra-a-mulher-cresce-e-afeta-empresas-afastamentos-subiram-313-em-4-anos\/#respond\"><i class=\"tsi tsi-comment-o\"><\/i>0<\/a><\/span><\/div><\/div>\t\t\t\n\t\t\t\t\t\t\n\t\t\t\t<div class=\"excerpt\">\n\t\t\t\t\t<p>No in\u00edcio do casamento, vieram os primeiros sinais. Na rua, ele era educado, simp\u00e1tico, prestativo.&hellip;<\/p>\n\t\t\t\t<\/div>\n\t\t\t\n\t\t\t\n\t\t\t\n\t\t<\/div>\n\n\t\n<\/article>\n\t\t\t\t\n\t\t\t\n<article class=\"l-post list-post list-post-on-sm m-pos-left\">\n\n\t\n\t\t\t<div class=\"media\">\n\n\t\t\n\t\t\t<a href=\"https:\/\/portaldenoticias.net\/ffsantos\/editorial-ano-xiv-numero-490-a-radicalizacao-que-nao-constroi-so-divide\/\" class=\"image-link media-ratio ratio-3-2\" title=\"EDITORIAL ANO XIV N\u00daMERO 490 &#8211; A RADICALIZA\u00c7\u00c3O QUE N\u00c3O CONSTR\u00d3I S\u00d3 DIVIDE\"><img loading=\"lazy\" decoding=\"async\" width=\"285\" height=\"190\" src=\"https:\/\/portaldenoticias.net\/ffsantos\/wp-content\/uploads\/2026\/04\/agenor-radical-Imagem1-1-300x180.png\" class=\"attachment-medium size-medium wp-post-image\" alt=\"\" sizes=\"auto, (max-width: 285px) 100vw, 285px\" title=\"EDITORIAL ANO XIV N\u00daMERO 490 &#8211; A RADICALIZA\u00c7\u00c3O QUE N\u00c3O CONSTR\u00d3I S\u00d3 DIVIDE\" srcset=\"https:\/\/portaldenoticias.net\/ffsantos\/wp-content\/uploads\/2026\/04\/agenor-radical-Imagem1-1-300x180.png 300w, https:\/\/portaldenoticias.net\/ffsantos\/wp-content\/uploads\/2026\/04\/agenor-radical-Imagem1-1-450x269.png 450w, https:\/\/portaldenoticias.net\/ffsantos\/wp-content\/uploads\/2026\/04\/agenor-radical-Imagem1-1.png 615w\" \/><\/a>\t\t\t\n\t\t\t\n\t\t\t\n\t\t\t\t\t\t\t\n\t\t\t\t<span class=\"cat-labels cat-labels-overlay c-overlay p-bot-left\">\n\t\t\t\t<a href=\"https:\/\/portaldenoticias.net\/ffsantos\/category\/brasil\/\" class=\"category term-color-2\" rel=\"category\">Brasil<\/a>\n\t\t\t<\/span>\n\t\t\t\t\t\t\n\t\t\t\n\t\t\n\t\t<\/div>\n\t\n\n\t\n\t\t<div class=\"content\">\n\n\t\t\t<div class=\"post-meta post-meta-a has-below\"><h2 class=\"is-title post-title\"><a href=\"https:\/\/portaldenoticias.net\/ffsantos\/editorial-ano-xiv-numero-490-a-radicalizacao-que-nao-constroi-so-divide\/\">EDITORIAL ANO XIV N\u00daMERO 490 &#8211; A RADICALIZA\u00c7\u00c3O QUE N\u00c3O CONSTR\u00d3I S\u00d3 DIVIDE<\/a><\/h2><div class=\"post-meta-items meta-below\"><span class=\"meta-item post-author\"><span class=\"by\">Por<\/span> <a href=\"https:\/\/portaldenoticias.net\/ffsantos\/author\/ffsantos\/\" title=\"Posts de Florisvaldo\" rel=\"author\">Florisvaldo<\/a><\/span><span class=\"meta-item has-next-icon date\"><span class=\"date-link\"><time class=\"post-date\" datetime=\"2026-04-12T07:00:07-03:00\">12 de abril de 2026<\/time><\/span><\/span><span class=\"meta-item comments has-icon\"><a href=\"https:\/\/portaldenoticias.net\/ffsantos\/editorial-ano-xiv-numero-490-a-radicalizacao-que-nao-constroi-so-divide\/#comments\"><i class=\"tsi tsi-comment-o\"><\/i>6<\/a><\/span><\/div><\/div>\t\t\t\n\t\t\t\t\t\t\n\t\t\t\t<div class=\"excerpt\">\n\t\t\t\t\t<p>Se h\u00e1 algo que historicamente mobiliza as emo\u00e7\u00f5es dos brasileiros, \u00e9 o processo eleitoral que&hellip;<\/p>\n\t\t\t\t<\/div>\n\t\t\t\n\t\t\t\n\t\t\t\n\t\t<\/div>\n\n\t\n<\/article>\n\t\t\t\t\n\t\t\t\n<article class=\"l-post list-post list-post-on-sm m-pos-left\">\n\n\t\n\t\t\t<div class=\"media\">\n\n\t\t\n\t\t\t<a href=\"https:\/\/portaldenoticias.net\/ffsantos\/como-funcionam-os-laboratorios-de-seguranca-maxima-no-brasil-aqueles-que-manipulam-os-virus-mais-letais\/\" class=\"image-link media-ratio ratio-3-2\" title=\"COMO FUNCIONAM OS LABORAT\u00d3RIOS DE SEGURAN\u00c7A M\u00c1XIMA NO BRASIL &#8211; AQUELES QUE MANIPULAM OS V\u00cdRUS MAIS LETAIS\"><img loading=\"lazy\" decoding=\"async\" width=\"285\" height=\"190\" src=\"https:\/\/portaldenoticias.net\/ffsantos\/wp-content\/uploads\/2026\/04\/Virus-2Imagem2-300x200.png\" class=\"attachment-medium size-medium wp-post-image\" alt=\"\" sizes=\"auto, (max-width: 285px) 100vw, 285px\" title=\"COMO FUNCIONAM OS LABORAT\u00d3RIOS DE SEGURAN\u00c7A M\u00c1XIMA NO BRASIL &#8211; AQUELES QUE MANIPULAM OS V\u00cdRUS MAIS LETAIS\" srcset=\"https:\/\/portaldenoticias.net\/ffsantos\/wp-content\/uploads\/2026\/04\/Virus-2Imagem2-300x200.png 300w, https:\/\/portaldenoticias.net\/ffsantos\/wp-content\/uploads\/2026\/04\/Virus-2Imagem2-768x512.png 768w, https:\/\/portaldenoticias.net\/ffsantos\/wp-content\/uploads\/2026\/04\/Virus-2Imagem2-150x100.png 150w, https:\/\/portaldenoticias.net\/ffsantos\/wp-content\/uploads\/2026\/04\/Virus-2Imagem2-450x300.png 450w, https:\/\/portaldenoticias.net\/ffsantos\/wp-content\/uploads\/2026\/04\/Virus-2Imagem2.png 888w\" \/><\/a>\t\t\t\n\t\t\t\n\t\t\t\n\t\t\t\t\t\t\t\n\t\t\t\t<span class=\"cat-labels cat-labels-overlay c-overlay p-bot-left\">\n\t\t\t\t<a href=\"https:\/\/portaldenoticias.net\/ffsantos\/category\/destaques\/\" class=\"category term-color-1\" rel=\"category\">Destaques<\/a>\n\t\t\t<\/span>\n\t\t\t\t\t\t\n\t\t\t\n\t\t\n\t\t<\/div>\n\t\n\n\t\n\t\t<div class=\"content\">\n\n\t\t\t<div class=\"post-meta post-meta-a has-below\"><h2 class=\"is-title post-title\"><a href=\"https:\/\/portaldenoticias.net\/ffsantos\/como-funcionam-os-laboratorios-de-seguranca-maxima-no-brasil-aqueles-que-manipulam-os-virus-mais-letais\/\">COMO FUNCIONAM OS LABORAT\u00d3RIOS DE SEGURAN\u00c7A M\u00c1XIMA NO BRASIL &#8211; AQUELES QUE MANIPULAM OS V\u00cdRUS MAIS LETAIS<\/a><\/h2><div class=\"post-meta-items meta-below\"><span class=\"meta-item post-author\"><span class=\"by\">Por<\/span> <a href=\"https:\/\/portaldenoticias.net\/ffsantos\/author\/ffsantos\/\" title=\"Posts de Florisvaldo\" rel=\"author\">Florisvaldo<\/a><\/span><span class=\"meta-item has-next-icon date\"><span class=\"date-link\"><time class=\"post-date\" datetime=\"2026-04-11T23:26:54-03:00\">11 de abril de 2026<\/time><\/span><\/span><span class=\"meta-item comments has-icon\"><a href=\"https:\/\/portaldenoticias.net\/ffsantos\/como-funcionam-os-laboratorios-de-seguranca-maxima-no-brasil-aqueles-que-manipulam-os-virus-mais-letais\/#respond\"><i class=\"tsi tsi-comment-o\"><\/i>0<\/a><\/span><\/div><\/div>\t\t\t\n\t\t\t\t\t\t\n\t\t\t\t<div class=\"excerpt\">\n\t\t\t\t\t<p>O desvio de amostras de v\u00edrus na Universidade Estadual de Campinas (Unicamp), caso no qual&hellip;<\/p>\n\t\t\t\t<\/div>\n\t\t\t\n\t\t\t\n\t\t\t\n\t\t<\/div>\n\n\t\n<\/article>\n\t\t\t\t\n\t\t\t\n<article class=\"l-post list-post list-post-on-sm m-pos-left\">\n\n\t\n\t\t\t<div class=\"media\">\n\n\t\t\n\t\t\t<a href=\"https:\/\/portaldenoticias.net\/ffsantos\/ex-dirigente-tucano-homenageia-bruno-covas-em-palestra-e-manda-indireta-a-bolsonaristas\/\" class=\"image-link media-ratio ratio-3-2\" title=\"EX-DIRIGENTE TUCANO HOMENAGEIA BRUNO COVAS EM PALESTRA E MANDA INDIRETA A BOLSONARISTAS\"><img loading=\"lazy\" decoding=\"async\" width=\"285\" height=\"190\" src=\"https:\/\/portaldenoticias.net\/ffsantos\/wp-content\/uploads\/2026\/04\/Fernando-1-77558253269d53d44cba91_1775582532_3x2_md-300x200.jpg\" class=\"attachment-medium size-medium wp-post-image\" alt=\"\" sizes=\"auto, (max-width: 285px) 100vw, 285px\" title=\"EX-DIRIGENTE TUCANO HOMENAGEIA BRUNO COVAS EM PALESTRA E MANDA INDIRETA A BOLSONARISTAS\" srcset=\"https:\/\/portaldenoticias.net\/ffsantos\/wp-content\/uploads\/2026\/04\/Fernando-1-77558253269d53d44cba91_1775582532_3x2_md-300x200.jpg 300w, https:\/\/portaldenoticias.net\/ffsantos\/wp-content\/uploads\/2026\/04\/Fernando-1-77558253269d53d44cba91_1775582532_3x2_md-150x100.jpg 150w, https:\/\/portaldenoticias.net\/ffsantos\/wp-content\/uploads\/2026\/04\/Fernando-1-77558253269d53d44cba91_1775582532_3x2_md-450x300.jpg 450w, https:\/\/portaldenoticias.net\/ffsantos\/wp-content\/uploads\/2026\/04\/Fernando-1-77558253269d53d44cba91_1775582532_3x2_md.jpg 768w\" \/><\/a>\t\t\t\n\t\t\t\n\t\t\t\n\t\t\t\t\t\t\t\n\t\t\t\t<span class=\"cat-labels cat-labels-overlay c-overlay p-bot-left\">\n\t\t\t\t<a href=\"https:\/\/portaldenoticias.net\/ffsantos\/category\/destaques\/\" class=\"category term-color-1\" rel=\"category\">Destaques<\/a>\n\t\t\t<\/span>\n\t\t\t\t\t\t\n\t\t\t\n\t\t\n\t\t<\/div>\n\t\n\n\t\n\t\t<div class=\"content\">\n\n\t\t\t<div class=\"post-meta post-meta-a has-below\"><h2 class=\"is-title post-title\"><a href=\"https:\/\/portaldenoticias.net\/ffsantos\/ex-dirigente-tucano-homenageia-bruno-covas-em-palestra-e-manda-indireta-a-bolsonaristas\/\">EX-DIRIGENTE TUCANO HOMENAGEIA BRUNO COVAS EM PALESTRA E MANDA INDIRETA A BOLSONARISTAS<\/a><\/h2><div class=\"post-meta-items meta-below\"><span class=\"meta-item post-author\"><span class=\"by\">Por<\/span> <a href=\"https:\/\/portaldenoticias.net\/ffsantos\/author\/ffsantos\/\" title=\"Posts de Florisvaldo\" rel=\"author\">Florisvaldo<\/a><\/span><span class=\"meta-item has-next-icon date\"><span class=\"date-link\"><time class=\"post-date\" datetime=\"2026-04-07T17:56:12-03:00\">7 de abril de 2026<\/time><\/span><\/span><span class=\"meta-item comments has-icon\"><a href=\"https:\/\/portaldenoticias.net\/ffsantos\/ex-dirigente-tucano-homenageia-bruno-covas-em-palestra-e-manda-indireta-a-bolsonaristas\/#comments\"><i class=\"tsi tsi-comment-o\"><\/i>1<\/a><\/span><\/div><\/div>\t\t\t\n\t\t\t\t\t\t\n\t\t\t\t<div class=\"excerpt\">\n\t\t\t\t\t<p>Fernando Alfredo colocou foto do ex-prefeito, que faria 46 anos, acompanhada de frase sobre pol\u00edtica&hellip;<\/p>\n\t\t\t\t<\/div>\n\t\t\t\n\t\t\t\n\t\t\t\n\t\t<\/div>\n\n\t\n<\/article>\n\t\t\n\t<\/div>\n\n\t\n\n\t<nav class=\"main-pagination pagination-numbers\" data-type=\"numbers-ajax\">\n\t\t<span aria-current=\"page\" class=\"page-numbers current\">1<\/span>\n<a class=\"page-numbers\" href=\"https:\/\/portaldenoticias.net\/ffsantos\/wp-json\/wp\/v2\/pages\/21921\/page\/2\/\">2<\/a>\n<a class=\"page-numbers\" href=\"https:\/\/portaldenoticias.net\/ffsantos\/wp-json\/wp\/v2\/pages\/21921\/page\/3\/\">3<\/a>\n<span class=\"page-numbers dots\">&hellip;<\/span>\n<a class=\"page-numbers\" href=\"https:\/\/portaldenoticias.net\/ffsantos\/wp-json\/wp\/v2\/pages\/21921\/page\/339\/\">339<\/a>\n<a class=\"next page-numbers\" href=\"https:\/\/portaldenoticias.net\/ffsantos\/wp-json\/wp\/v2\/pages\/21921\/page\/2\/\"><span class=\"visuallyhidden\">Avan\u00e7ar<\/span><i class=\"tsi tsi-angle-right\"><\/i><\/a>\t<\/nav>\n\n\n\t\t\t\t<\/div>\n\n\t\t<\/section>\n\t\t\t\t<\/div>\n\t\t\t\t<\/div>\n\t\t\t\t\t<\/div>\n\t\t<\/div>\n\t\t\t\t<div class=\"elementor-column elementor-col-33 elementor-top-column elementor-element elementor-element-18fd468b main-sidebar main-sidebar ts-sticky-col\" data-id=\"18fd468b\" data-element_type=\"column\">\n\t\t\t<div class=\"elementor-widget-wrap elementor-element-populated\">\n\t\t\t\t\t\t\t\t<div class=\"elementor-element elementor-element-1e55af5 elementor-widget elementor-widget-html\" data-id=\"1e55af5\" data-element_type=\"widget\" data-widget_type=\"html.default\">\n\t\t\t\t<div class=\"elementor-widget-container\">\n\t\t\t<a href=\"https:\/\/ffsantosconsultoria.com.br\/\"><img loading=\"lazy\" decoding=\"async\" class=\"alignnone  wp-image-18709\" src=\"https:\/\/www.portaldenoticias.net\/ffsantos\/wp-content\/uploads\/2024\/05\/ffsantos.jpg\" alt=\"\" width=\"300\" height=\"297\" srcset=\"https:\/\/portaldenoticias.net\/ffsantos\/wp-content\/uploads\/2024\/05\/ffsantos.jpg 1483w, https:\/\/portaldenoticias.net\/ffsantos\/wp-content\/uploads\/2024\/05\/ffsantos-300x298.jpg 300w, https:\/\/portaldenoticias.net\/ffsantos\/wp-content\/uploads\/2024\/05\/ffsantos-1024x1016.jpg 1024w, https:\/\/portaldenoticias.net\/ffsantos\/wp-content\/uploads\/2024\/05\/ffsantos-150x149.jpg 150w, https:\/\/portaldenoticias.net\/ffsantos\/wp-content\/uploads\/2024\/05\/ffsantos-768x762.jpg 768w, https:\/\/portaldenoticias.net\/ffsantos\/wp-content\/uploads\/2024\/05\/ffsantos-450x446.jpg 450w, https:\/\/portaldenoticias.net\/ffsantos\/wp-content\/uploads\/2024\/05\/ffsantos-1200x1190.jpg 1200w\" sizes=\"auto, (max-width: 300px) 100vw, 300px\" \/><\/a>\t\t<\/div>\n\t\t\t\t<\/div>\n\t\t\t\t<div class=\"elementor-element elementor-element-78cff17 elementor-widget elementor-widget-smartmag-heading\" data-id=\"78cff17\" data-element_type=\"widget\" data-widget_type=\"smartmag-heading.default\">\n\t\t\t\t<div class=\"elementor-widget-container\">\n\t\t\t\t\t\t\t\t\n\t\t\t\t\t\t\t\n\t\t\t\t<div class=\"block-head block-head-d is-left\">\n\n\t\t\t\t\t<h4 class=\"heading\"><a href=\"https:\/\/www.youtube.com\/@florisvaldoferreiradossant7671\/shorts\">Canal do youtube<\/a><\/h4>\t\t\t\t\t\n\t\t\t\t\t\t\t\t\t<\/div>\n\t\t\t\t\n\t\t\t\n\t\t\t\t<\/div>\n\t\t\t\t<\/div>\n\t\t\t\t<div class=\"elementor-element elementor-element-4767fa7 elementor-widget elementor-widget-html\" data-id=\"4767fa7\" data-element_type=\"widget\" data-widget_type=\"html.default\">\n\t\t\t\t<div class=\"elementor-widget-container\">\n\t\t\t<a href=\"https:\/\/www.youtube.com\/@florisvaldoferreiradossant7671\/shorts\"><img loading=\"lazy\" decoding=\"async\" class=\"wp-image-22132 alignleft\" src=\"http:\/\/portaldenoticias.net\/ffsantos\/wp-content\/uploads\/2026\/03\/youtube.jpg\" alt=\"\" width=\"300\" height=\"201\" srcset=\"https:\/\/portaldenoticias.net\/ffsantos\/wp-content\/uploads\/2026\/03\/youtube.jpg 1169w, https:\/\/portaldenoticias.net\/ffsantos\/wp-content\/uploads\/2026\/03\/youtube-300x201.jpg 300w, https:\/\/portaldenoticias.net\/ffsantos\/wp-content\/uploads\/2026\/03\/youtube-1024x685.jpg 1024w, https:\/\/portaldenoticias.net\/ffsantos\/wp-content\/uploads\/2026\/03\/youtube-768x514.jpg 768w, https:\/\/portaldenoticias.net\/ffsantos\/wp-content\/uploads\/2026\/03\/youtube-150x100.jpg 150w, https:\/\/portaldenoticias.net\/ffsantos\/wp-content\/uploads\/2026\/03\/youtube-450x301.jpg 450w\" sizes=\"auto, (max-width: 300px) 100vw, 300px\" \/><\/a>\t\t<\/div>\n\t\t\t\t<\/div>\n\t\t\t\t<div class=\"elementor-element elementor-element-1d39e71 elementor-widget elementor-widget-spacer\" data-id=\"1d39e71\" data-element_type=\"widget\" data-widget_type=\"spacer.default\">\n\t\t\t\t<div class=\"elementor-widget-container\">\n\t\t\t<style>\/*! elementor - v3.17.0 - 25-10-2023 *\/\n.elementor-column .elementor-spacer-inner{height:var(--spacer-size)}.e-con{--container-widget-width:100%}.e-con-inner>.elementor-widget-spacer,.e-con>.elementor-widget-spacer{width:var(--container-widget-width,var(--spacer-size));--align-self:var(--container-widget-align-self,initial);--flex-shrink:0}.e-con-inner>.elementor-widget-spacer>.elementor-widget-container,.e-con>.elementor-widget-spacer>.elementor-widget-container{height:100%;width:100%}.e-con-inner>.elementor-widget-spacer>.elementor-widget-container>.elementor-spacer,.e-con>.elementor-widget-spacer>.elementor-widget-container>.elementor-spacer{height:100%}.e-con-inner>.elementor-widget-spacer>.elementor-widget-container>.elementor-spacer>.elementor-spacer-inner,.e-con>.elementor-widget-spacer>.elementor-widget-container>.elementor-spacer>.elementor-spacer-inner{height:var(--container-widget-height,var(--spacer-size))}.e-con-inner>.elementor-widget-spacer.elementor-widget-empty,.e-con>.elementor-widget-spacer.elementor-widget-empty{position:relative;min-height:22px;min-width:22px}.e-con-inner>.elementor-widget-spacer.elementor-widget-empty .elementor-widget-empty-icon,.e-con>.elementor-widget-spacer.elementor-widget-empty .elementor-widget-empty-icon{position:absolute;top:0;bottom:0;left:0;right:0;margin:auto;padding:0;width:22px;height:22px}<\/style>\t\t<div class=\"elementor-spacer\">\n\t\t\t<div class=\"elementor-spacer-inner\"><\/div>\n\t\t<\/div>\n\t\t\t\t<\/div>\n\t\t\t\t<\/div>\n\t\t\t\t<div class=\"elementor-element elementor-element-f03f8fa elementor-widget elementor-widget-html\" data-id=\"f03f8fa\" data-element_type=\"widget\" data-widget_type=\"html.default\">\n\t\t\t\t<div class=\"elementor-widget-container\">\n\t\t\t<a href=\"https:\/\/ffsantosconsultoria.com.br\/\"><img loading=\"lazy\" decoding=\"async\" class=\"wp-image-21903 alignleft\" src=\"http:\/\/portaldenoticias.net\/ffsantos\/wp-content\/uploads\/2026\/01\/irpf2026.jpeg\" alt=\"\" width=\"300\" height=\"533\" srcset=\"https:\/\/portaldenoticias.net\/ffsantos\/wp-content\/uploads\/2026\/01\/irpf2026.jpeg 900w, https:\/\/portaldenoticias.net\/ffsantos\/wp-content\/uploads\/2026\/01\/irpf2026-169x300.jpeg 169w, https:\/\/portaldenoticias.net\/ffsantos\/wp-content\/uploads\/2026\/01\/irpf2026-576x1024.jpeg 576w, https:\/\/portaldenoticias.net\/ffsantos\/wp-content\/uploads\/2026\/01\/irpf2026-768x1365.jpeg 768w, https:\/\/portaldenoticias.net\/ffsantos\/wp-content\/uploads\/2026\/01\/irpf2026-864x1536.jpeg 864w, https:\/\/portaldenoticias.net\/ffsantos\/wp-content\/uploads\/2026\/01\/irpf2026-150x267.jpeg 150w, https:\/\/portaldenoticias.net\/ffsantos\/wp-content\/uploads\/2026\/01\/irpf2026-450x800.jpeg 450w\" sizes=\"auto, (max-width: 300px) 100vw, 300px\" \/><\/a>\t\t<\/div>\n\t\t\t\t<\/div>\n\t\t\t\t<div class=\"elementor-element elementor-element-96cc396 elementor-widget elementor-widget-html\" data-id=\"96cc396\" data-element_type=\"widget\" data-widget_type=\"html.default\">\n\t\t\t\t<div class=\"elementor-widget-container\">\n\t\t\t<a href=\"https:\/\/cvv.org.br\/\"><img loading=\"lazy\" decoding=\"async\" class=\"alignnone  wp-image-18802\" src=\"https:\/\/www.portaldenoticias.net\/ffsantos\/wp-content\/uploads\/2024\/06\/cvv.png\" alt=\"\" width=\"300\" height=\"300\" srcset=\"https:\/\/portaldenoticias.net\/ffsantos\/wp-content\/uploads\/2024\/06\/cvv.png 471w, https:\/\/portaldenoticias.net\/ffsantos\/wp-content\/uploads\/2024\/06\/cvv-300x300.png 300w, https:\/\/portaldenoticias.net\/ffsantos\/wp-content\/uploads\/2024\/06\/cvv-150x150.png 150w, https:\/\/portaldenoticias.net\/ffsantos\/wp-content\/uploads\/2024\/06\/cvv-450x450.png 450w\" sizes=\"auto, (max-width: 300px) 100vw, 300px\" \/><\/a>\t\t<\/div>\n\t\t\t\t<\/div>\n\t\t\t\t<div class=\"elementor-element elementor-element-e5dcab8 elementor-widget elementor-widget-html\" data-id=\"e5dcab8\" data-element_type=\"widget\" data-widget_type=\"html.default\">\n\t\t\t\t<div class=\"elementor-widget-container\">\n\t\t\t<a href=\"https:\/\/ffsantosconsultoria.com.br\/\"><img loading=\"lazy\" decoding=\"async\" class=\"alignnone wp-image-12303\" src=\"https:\/\/www.portaldenoticias.net\/ffsantos\/wp-content\/uploads\/2020\/09\/ffsantos10.jpg\" alt=\"\" width=\"300\" height=\"252\" srcset=\"https:\/\/portaldenoticias.net\/ffsantos\/wp-content\/uploads\/2020\/09\/ffsantos10.jpg 940w, https:\/\/portaldenoticias.net\/ffsantos\/wp-content\/uploads\/2020\/09\/ffsantos10-300x251.jpg 300w, https:\/\/portaldenoticias.net\/ffsantos\/wp-content\/uploads\/2020\/09\/ffsantos10-768x644.jpg 768w, https:\/\/portaldenoticias.net\/ffsantos\/wp-content\/uploads\/2020\/09\/ffsantos10-696x583.jpg 696w, https:\/\/portaldenoticias.net\/ffsantos\/wp-content\/uploads\/2020\/09\/ffsantos10-501x420.jpg 501w\" sizes=\"auto, (max-width: 300px) 100vw, 300px\" \/><\/a>\t\t<\/div>\n\t\t\t\t<\/div>\n\t\t\t\t<div class=\"elementor-element elementor-element-8ded5ac elementor-widget elementor-widget-html\" data-id=\"8ded5ac\" data-element_type=\"widget\" data-widget_type=\"html.default\">\n\t\t\t\t<div class=\"elementor-widget-container\">\n\t\t\t <!-- Histats.com  (div with counter) --><div id=\"histats_counter\"><\/div>\r\n<!-- Histats.com  START  (aync)-->\r\n<script type=\"text\/javascript\">var _Hasync= _Hasync|| [];\r\n_Hasync.push(['Histats.start', '1,4806612,4,1043,200,30,00000010']);\r\n_Hasync.push(['Histats.fasi', '1']);\r\n_Hasync.push(['Histats.track_hits', '']);\r\n(function() {\r\nvar hs = document.createElement('script'); hs.type = 'text\/javascript'; hs.async = true;\r\nhs.src = ('\/\/s10.histats.com\/js15_as.js');\r\n(document.getElementsByTagName('head')[0] || document.getElementsByTagName('body')[0]).appendChild(hs);\r\n})();<\/script>\r\n<noscript><a href=\"\/\" target=\"_blank\"><img decoding=\"async\"  src=\"\/\/sstatic1.histats.com\/0.gif?4806612&101\" alt=\"\" border=\"0\"><\/a><\/noscript>\r\n<!-- Histats.com  END  -->\t\t<\/div>\n\t\t\t\t<\/div>\n\t\t\t\t\t<\/div>\n\t\t<\/div>\n\t\t\t\t\t\t\t<\/div>\n\t\t<\/section>\n\t\t\t\t\t\t\t<\/div>\n\t\t","protected":false},"excerpt":{"rendered":"<p>\u00daltimas Not\u00edcias Destaques ADEUS A HAMILTON PASSINI Florisvaldo13 de mar\u00e7o de 2026 Destaques CCS-SP HOMENAGEIA ASSOCIADAS COM CAF\u00c9 DA MANH\u00c3 ESPECIAL Florisvaldo13 de mar\u00e7o de 2026 Sa\u00fade OS PRIMEIROS 1.000 DIAS DO BEB\u00ca S\u00c3O O PER\u00cdODO MAIS IMPORTANTE DA VIDA DO SER HUMANO \u2013 DIZ PEDIATRA BECKER Florisvaldo12 de mar\u00e7o de 2026 Brasil FLORISVALDO F.<\/p>\n","protected":false},"author":1,"featured_media":0,"parent":0,"menu_order":0,"comment_status":"closed","ping_status":"closed","template":"page-templates\/blocks.php","meta":{"footnotes":""},"class_list":["post-21921","page","type-page","status-publish"],"yoast_head":"<!-- This site is optimized with the Yoast SEO plugin v27.4 - https:\/\/yoast.com\/product\/yoast-seo-wordpress\/ -->\n<title>Blog do Florisvaldo<\/title>\n<meta name=\"robots\" content=\"index, follow, max-snippet:-1, max-image-preview:large, max-video-preview:-1\" \/>\n<link rel=\"canonical\" href=\"https:\/\/portaldenoticias.net\/ffsantos\/\" \/>\n<meta property=\"og:locale\" content=\"pt_BR\" \/>\n<meta property=\"og:type\" content=\"article\" \/>\n<meta property=\"og:title\" content=\"Blog do Florisvaldo\" \/>\n<meta property=\"og:description\" content=\"\u00daltimas Not\u00edcias Destaques ADEUS A HAMILTON PASSINI Florisvaldo13 de mar\u00e7o de 2026 Destaques CCS-SP HOMENAGEIA ASSOCIADAS COM CAF\u00c9 DA MANH\u00c3 ESPECIAL Florisvaldo13 de mar\u00e7o de 2026 Sa\u00fade OS PRIMEIROS 1.000 DIAS DO BEB\u00ca S\u00c3O O PER\u00cdODO MAIS IMPORTANTE DA VIDA DO SER HUMANO \u2013 DIZ PEDIATRA BECKER Florisvaldo12 de mar\u00e7o de 2026 Brasil FLORISVALDO F.\" \/>\n<meta property=\"og:url\" content=\"https:\/\/portaldenoticias.net\/ffsantos\/\" \/>\n<meta property=\"og:site_name\" content=\"Blog do Florisvaldo\" \/>\n<meta property=\"article:modified_time\" content=\"2026-03-14T16:59:48+00:00\" \/>\n<meta property=\"og:image\" content=\"http:\/\/portaldenoticias.net\/ffsantos\/wp-content\/uploads\/2026\/03\/Passini-1-magem1.png\" \/>\n<meta name=\"twitter:card\" content=\"summary_large_image\" \/>\n<meta name=\"twitter:label1\" content=\"Est. tempo de leitura\" \/>\n\t<meta name=\"twitter:data1\" content=\"6 minutos\" \/>\n<script type=\"application\/ld+json\" class=\"yoast-schema-graph\">{\"@context\":\"https:\\\/\\\/schema.org\",\"@graph\":[{\"@type\":\"WebPage\",\"@id\":\"https:\\\/\\\/portaldenoticias.net\\\/ffsantos\\\/\",\"url\":\"https:\\\/\\\/portaldenoticias.net\\\/ffsantos\\\/\",\"name\":\"Blog do Florisvaldo\",\"isPartOf\":{\"@id\":\"https:\\\/\\\/portaldenoticias.net\\\/ffsantos\\\/#website\"},\"primaryImageOfPage\":{\"@id\":\"https:\\\/\\\/portaldenoticias.net\\\/ffsantos\\\/#primaryimage\"},\"image\":{\"@id\":\"https:\\\/\\\/portaldenoticias.net\\\/ffsantos\\\/#primaryimage\"},\"thumbnailUrl\":\"http:\\\/\\\/portaldenoticias.net\\\/ffsantos\\\/wp-content\\\/uploads\\\/2026\\\/03\\\/Passini-1-magem1.png\",\"datePublished\":\"2026-01-20T01:02:45+00:00\",\"dateModified\":\"2026-03-14T16:59:48+00:00\",\"breadcrumb\":{\"@id\":\"https:\\\/\\\/portaldenoticias.net\\\/ffsantos\\\/#breadcrumb\"},\"inLanguage\":\"pt-BR\",\"potentialAction\":[{\"@type\":\"ReadAction\",\"target\":[\"https:\\\/\\\/portaldenoticias.net\\\/ffsantos\\\/\"]}]},{\"@type\":\"ImageObject\",\"inLanguage\":\"pt-BR\",\"@id\":\"https:\\\/\\\/portaldenoticias.net\\\/ffsantos\\\/#primaryimage\",\"url\":\"http:\\\/\\\/portaldenoticias.net\\\/ffsantos\\\/wp-content\\\/uploads\\\/2026\\\/03\\\/Passini-1-magem1.png\",\"contentUrl\":\"http:\\\/\\\/portaldenoticias.net\\\/ffsantos\\\/wp-content\\\/uploads\\\/2026\\\/03\\\/Passini-1-magem1.png\"},{\"@type\":\"BreadcrumbList\",\"@id\":\"https:\\\/\\\/portaldenoticias.net\\\/ffsantos\\\/#breadcrumb\",\"itemListElement\":[{\"@type\":\"ListItem\",\"position\":1,\"name\":\"In\u00edcio\",\"item\":\"https:\\\/\\\/portaldenoticias.net\\\/ffsantos\\\/\"},{\"@type\":\"ListItem\",\"position\":2,\"name\":\"Home\"}]},{\"@type\":\"WebSite\",\"@id\":\"https:\\\/\\\/portaldenoticias.net\\\/ffsantos\\\/#website\",\"url\":\"https:\\\/\\\/portaldenoticias.net\\\/ffsantos\\\/\",\"name\":\"Blog do Florisvaldo |\",\"description\":\"Informa\u00e7\u00e3o com imparcialidade\",\"potentialAction\":[{\"@type\":\"SearchAction\",\"target\":{\"@type\":\"EntryPoint\",\"urlTemplate\":\"https:\\\/\\\/portaldenoticias.net\\\/ffsantos\\\/?s={search_term_string}\"},\"query-input\":{\"@type\":\"PropertyValueSpecification\",\"valueRequired\":true,\"valueName\":\"search_term_string\"}}],\"inLanguage\":\"pt-BR\"}]}<\/script>\n<!-- \/ Yoast SEO plugin. -->","yoast_head_json":{"title":"Blog do Florisvaldo","robots":{"index":"index","follow":"follow","max-snippet":"max-snippet:-1","max-image-preview":"max-image-preview:large","max-video-preview":"max-video-preview:-1"},"canonical":"https:\/\/portaldenoticias.net\/ffsantos\/","og_locale":"pt_BR","og_type":"article","og_title":"Blog do Florisvaldo","og_description":"\u00daltimas Not\u00edcias Destaques ADEUS A HAMILTON PASSINI Florisvaldo13 de mar\u00e7o de 2026 Destaques CCS-SP HOMENAGEIA ASSOCIADAS COM CAF\u00c9 DA MANH\u00c3 ESPECIAL Florisvaldo13 de mar\u00e7o de 2026 Sa\u00fade OS PRIMEIROS 1.000 DIAS DO BEB\u00ca S\u00c3O O PER\u00cdODO MAIS IMPORTANTE DA VIDA DO SER HUMANO \u2013 DIZ PEDIATRA BECKER Florisvaldo12 de mar\u00e7o de 2026 Brasil FLORISVALDO F.","og_url":"https:\/\/portaldenoticias.net\/ffsantos\/","og_site_name":"Blog do Florisvaldo","article_modified_time":"2026-03-14T16:59:48+00:00","og_image":[{"url":"http:\/\/portaldenoticias.net\/ffsantos\/wp-content\/uploads\/2026\/03\/Passini-1-magem1.png","type":"","width":"","height":""}],"twitter_card":"summary_large_image","twitter_misc":{"Est. tempo de leitura":"6 minutos"},"schema":{"@context":"https:\/\/schema.org","@graph":[{"@type":"WebPage","@id":"https:\/\/portaldenoticias.net\/ffsantos\/","url":"https:\/\/portaldenoticias.net\/ffsantos\/","name":"Blog do Florisvaldo","isPartOf":{"@id":"https:\/\/portaldenoticias.net\/ffsantos\/#website"},"primaryImageOfPage":{"@id":"https:\/\/portaldenoticias.net\/ffsantos\/#primaryimage"},"image":{"@id":"https:\/\/portaldenoticias.net\/ffsantos\/#primaryimage"},"thumbnailUrl":"http:\/\/portaldenoticias.net\/ffsantos\/wp-content\/uploads\/2026\/03\/Passini-1-magem1.png","datePublished":"2026-01-20T01:02:45+00:00","dateModified":"2026-03-14T16:59:48+00:00","breadcrumb":{"@id":"https:\/\/portaldenoticias.net\/ffsantos\/#breadcrumb"},"inLanguage":"pt-BR","potentialAction":[{"@type":"ReadAction","target":["https:\/\/portaldenoticias.net\/ffsantos\/"]}]},{"@type":"ImageObject","inLanguage":"pt-BR","@id":"https:\/\/portaldenoticias.net\/ffsantos\/#primaryimage","url":"http:\/\/portaldenoticias.net\/ffsantos\/wp-content\/uploads\/2026\/03\/Passini-1-magem1.png","contentUrl":"http:\/\/portaldenoticias.net\/ffsantos\/wp-content\/uploads\/2026\/03\/Passini-1-magem1.png"},{"@type":"BreadcrumbList","@id":"https:\/\/portaldenoticias.net\/ffsantos\/#breadcrumb","itemListElement":[{"@type":"ListItem","position":1,"name":"In\u00edcio","item":"https:\/\/portaldenoticias.net\/ffsantos\/"},{"@type":"ListItem","position":2,"name":"Home"}]},{"@type":"WebSite","@id":"https:\/\/portaldenoticias.net\/ffsantos\/#website","url":"https:\/\/portaldenoticias.net\/ffsantos\/","name":"Blog do Florisvaldo |","description":"Informa\u00e7\u00e3o com imparcialidade","potentialAction":[{"@type":"SearchAction","target":{"@type":"EntryPoint","urlTemplate":"https:\/\/portaldenoticias.net\/ffsantos\/?s={search_term_string}"},"query-input":{"@type":"PropertyValueSpecification","valueRequired":true,"valueName":"search_term_string"}}],"inLanguage":"pt-BR"}]}},"_links":{"self":[{"href":"https:\/\/portaldenoticias.net\/ffsantos\/wp-json\/wp\/v2\/pages\/21921","targetHints":{"allow":["GET"]}}],"collection":[{"href":"https:\/\/portaldenoticias.net\/ffsantos\/wp-json\/wp\/v2\/pages"}],"about":[{"href":"https:\/\/portaldenoticias.net\/ffsantos\/wp-json\/wp\/v2\/types\/page"}],"author":[{"embeddable":true,"href":"https:\/\/portaldenoticias.net\/ffsantos\/wp-json\/wp\/v2\/users\/1"}],"replies":[{"embeddable":true,"href":"https:\/\/portaldenoticias.net\/ffsantos\/wp-json\/wp\/v2\/comments?post=21921"}],"version-history":[{"count":12,"href":"https:\/\/portaldenoticias.net\/ffsantos\/wp-json\/wp\/v2\/pages\/21921\/revisions"}],"predecessor-version":[{"id":22135,"href":"https:\/\/portaldenoticias.net\/ffsantos\/wp-json\/wp\/v2\/pages\/21921\/revisions\/22135"}],"wp:attachment":[{"href":"https:\/\/portaldenoticias.net\/ffsantos\/wp-json\/wp\/v2\/media?parent=21921"}],"curies":[{"name":"wp","href":"https:\/\/api.w.org\/{rel}","templated":true}]}}